{"id":231,"date":"2020-10-03T17:14:03","date_gmt":"2020-10-03T15:14:03","guid":{"rendered":"http:\/\/xn--psychologischepraxis-andreasbche-0md.de\/?page_id=231"},"modified":"2023-10-14T22:20:37","modified_gmt":"2023-10-14T20:20:37","slug":"zu-meiner-person","status":"publish","type":"page","link":"https:\/\/psychologischepraxis-andreasbueche.de\/en\/zu-meiner-person","title":{"rendered":"About me"},"content":{"rendered":"<p><div class=\"fusion-fullwidth fullwidth-box fusion-builder-row-1 fusion-flex-container hundred-percent-fullwidth non-hundred-percent-height-scrolling\" style=\"background-color: rgba(255,255,255,0);background-image:linear-gradient(0deg, rgba(255,255,255,0) 0%,#f4ffe4 69%);background-position: center top;background-repeat: no-repeat;border-width: 0px 0px 0px 0px;border-color:#e2e2e2;border-style:solid;\" ><div class=\"fusion-builder-row fusion-row fusion-flex-align-items-center\" style=\"width:104% !important;max-width:104% !important;margin-left: calc(-4% \/ 2 );margin-right: calc(-4% \/ 2 );\"><div class=\"fusion-layout-column fusion_builder_column fusion-builder-column-0 fusion_builder_column_1_1 1_1 fusion-flex-column\"><div class=\"fusion-column-wrapper fusion-flex-justify-content-flex-start fusion-content-layout-column\" style=\"background-position:left top;background-repeat:no-repeat;-webkit-background-size:cover;-moz-background-size:cover;-o-background-size:cover;background-size:cover;padding: 0px 0px 0px 380px;\"><style type=\"text\/css\">@media only screen and (max-width:1024px) {.fusion-title.fusion-title-1{margin-top:10px!important; margin-right:0px!important;margin-bottom:15px!important;margin-left:0px!important;}}@media only screen and (max-width:641px) {.fusion-title.fusion-title-1{margin-top:10px!important; margin-right:0px!important;margin-bottom:10px!important; margin-left:0px!important;}}<\/style><div class=\"fusion-title title fusion-title-1 fusion-sep-none fusion-title-center fusion-title-text fusion-title-size-one\" style=\"margin-top:10px;margin-right:0px;margin-bottom:15px;margin-left:0px;\"><h1 class=\"title-heading-center fusion-responsive-typography-calculated\" style=\"font-family:&quot;Cormorant Garamond&quot;;font-weight:700;margin:0;--fontSize:54;line-height:1.16;\"><span style=\"background-color: rgba(255, 255, 255, 0); color: var(--h1_typography-color); font-size: var(--h1_typography-font-size); font-style: var(--h1_typography-font-style,normal); letter-spacing: var(--h1_typography-letter-spacing);\"> About me<\/span><\/h1><\/div><\/div><style type=\"text\/css\">.fusion-body .fusion-builder-column-0{width:100% !important;margin-top : 0px;margin-bottom : 20px;}.fusion-builder-column-0 > .fusion-column-wrapper {padding-top : 0px !important;padding-right : 0px !important;margin-right : 1.92%;padding-bottom : 0px !important;padding-left : 380px !important;margin-left : 1.92%;}@media only screen and (max-width:1024px) {.fusion-body .fusion-builder-column-0{width:100% !important;order : 0;}.fusion-builder-column-0 > .fusion-column-wrapper {margin-right : 1.92%;margin-left : 1.92%;}}@media only screen and (max-width:641px) {.fusion-body .fusion-builder-column-0{width:100% !important;order : 0;}.fusion-builder-column-0 > .fusion-column-wrapper {margin-right : 1.92%;margin-left : 1.92%;}}<\/style><\/div><\/div><style type=\"text\/css\">.fusion-body .fusion-flex-container.fusion-builder-row-1{ padding-top : 0px;margin-top : 22px;padding-right : 0px;padding-bottom : 0px;margin-bottom : 0px;padding-left : 0px;}@media only screen and (max-width:641px) {.fusion-body .fusion-flex-container.fusion-builder-row-1{ margin-top : 40px;padding-bottom : 0px;}}<\/style><\/div><div class=\"fusion-fullwidth fullwidth-box fusion-builder-row-2 fusion-flex-container nonhundred-percent-fullwidth non-hundred-percent-height-scrolling fusion-animated\" style=\"background-color: rgba(255,255,255,0);background-position: center center;background-repeat: no-repeat;border-width: 0px 0px 0px 0px;border-color:#e2e2e2;border-style:solid;\" data-animationtype=\"fadeInUp\" data-animationduration=\"1.2\" data-animationoffset=\"top-into-view\" ><div class=\"fusion-builder-row fusion-row fusion-flex-align-items-flex-start\" style=\"max-width:1248px;margin-left: calc(-4% \/ 2 );margin-right: calc(-4% \/ 2 );\"><div class=\"fusion-layout-column fusion_builder_column fusion-builder-column-1 fusion_builder_column_1_3 1_3 fusion-flex-column fusion-flex-align-self-stretch\"><div class=\"fusion-column-wrapper fusion-flex-justify-content-space-evenly fusion-content-layout-column\" style=\"background-position:left top;background-repeat:no-repeat;-webkit-background-size:cover;-moz-background-size:cover;-o-background-size:cover;background-size:cover;padding: 0px 0px 0px 0px;\"><div style=\"text-align:center;\"><span class=\"fusion-imageframe imageframe-none imageframe-1 hover-type-none\"><img decoding=\"async\" width=\"300\" height=\"207\" alt=\"Paleochora Jan 2022\" title=\"Portraet Homepage 2\" src=\"https:\/\/psychologischepraxis-andreasbueche.de\/wp-content\/uploads\/2022\/01\/Portraet-Homepage-2.jpg\" data-orig-src=\"https:\/\/xn--psychologischepraxis-andreasbche-0md.de\/wp-content\/uploads\/2022\/01\/Portraet-Homepage-2-300x207.jpg\" class=\"lazyload img-responsive wp-image-4603\" srcset=\"data:image\/svg+xml,%3Csvg%20xmlns%3D%27http%3A%2F%2Fwww.w3.org%2F2000%2Fsvg%27%20width%3D%272477%27%20height%3D%271707%27%20viewBox%3D%270%200%202477%201707%27%3E%3Crect%20width%3D%272477%27%20height%3D%271707%27%20fill-opacity%3D%220%22%2F%3E%3C%2Fsvg%3E\" data-srcset=\"https:\/\/psychologischepraxis-andreasbueche.de\/wp-content\/uploads\/2022\/01\/Portraet-Homepage-2-200x138.jpg 200w, https:\/\/psychologischepraxis-andreasbueche.de\/wp-content\/uploads\/2022\/01\/Portraet-Homepage-2-400x276.jpg 400w, https:\/\/psychologischepraxis-andreasbueche.de\/wp-content\/uploads\/2022\/01\/Portraet-Homepage-2-600x413.jpg 600w, https:\/\/psychologischepraxis-andreasbueche.de\/wp-content\/uploads\/2022\/01\/Portraet-Homepage-2-800x551.jpg 800w, https:\/\/psychologischepraxis-andreasbueche.de\/wp-content\/uploads\/2022\/01\/Portraet-Homepage-2-1200x827.jpg 1200w, https:\/\/psychologischepraxis-andreasbueche.de\/wp-content\/uploads\/2022\/01\/Portraet-Homepage-2.jpg 2477w\" data-sizes=\"auto\" data-orig-sizes=\"(max-width: 641px) 100vw, 400px\" \/><\/span><\/div><div style=\"text-align:center;\"><span class=\"fusion-imageframe imageframe-none imageframe-2 hover-type-none\"><img decoding=\"async\" width=\"197\" height=\"300\" alt=\"Paleochora Jan 2022\" title=\"IMG-20220203-WA0001\" src=\"https:\/\/psychologischepraxis-andreasbueche.de\/wp-content\/uploads\/2022\/02\/IMG-20220203-WA0001.jpg\" data-orig-src=\"https:\/\/xn--psychologischepraxis-andreasbche-0md.de\/wp-content\/uploads\/2022\/02\/IMG-20220203-WA0001-197x300.jpg\" class=\"lazyload img-responsive wp-image-4766\" srcset=\"data:image\/svg+xml,%3Csvg%20xmlns%3D%27http%3A%2F%2Fwww.w3.org%2F2000%2Fsvg%27%20width%3D%271050%27%20height%3D%271600%27%20viewBox%3D%270%200%201050%201600%27%3E%3Crect%20width%3D%271050%27%20height%3D%271600%27%20fill-opacity%3D%220%22%2F%3E%3C%2Fsvg%3E\" data-srcset=\"https:\/\/psychologischepraxis-andreasbueche.de\/wp-content\/uploads\/2022\/02\/IMG-20220203-WA0001-200x305.jpg 200w, https:\/\/psychologischepraxis-andreasbueche.de\/wp-content\/uploads\/2022\/02\/IMG-20220203-WA0001-400x610.jpg 400w, https:\/\/psychologischepraxis-andreasbueche.de\/wp-content\/uploads\/2022\/02\/IMG-20220203-WA0001-600x914.jpg 600w, https:\/\/psychologischepraxis-andreasbueche.de\/wp-content\/uploads\/2022\/02\/IMG-20220203-WA0001-800x1219.jpg 800w, https:\/\/psychologischepraxis-andreasbueche.de\/wp-content\/uploads\/2022\/02\/IMG-20220203-WA0001.jpg 1050w\" data-sizes=\"auto\" data-orig-sizes=\"(max-width: 641px) 100vw, 400px\" \/><\/span><\/div><\/div><style type=\"text\/css\">.fusion-body .fusion-builder-column-1{width:33.333333333333% !important;margin-top : 0px;margin-bottom : 0px;}.fusion-builder-column-1 > .fusion-column-wrapper {padding-top : 0px !important;padding-right : 0px !important;margin-right : 5.76%;padding-bottom : 0px !important;padding-left : 0px !important;margin-left : 5.76%;}@media only screen and (max-width:1024px) {.fusion-body .fusion-builder-column-1{width:33.333333333333% !important;}.fusion-builder-column-1 > .fusion-column-wrapper {margin-right : 5.76%;margin-left : 5.76%;}}@media only screen and (max-width:641px) {.fusion-body .fusion-builder-column-1{width:100% !important;}.fusion-builder-column-1 > .fusion-column-wrapper {margin-right : 1.92%;margin-left : 1.92%;}}<\/style><\/div><div class=\"fusion-layout-column fusion_builder_column fusion-builder-column-2 fusion_builder_column_2_3 2_3 fusion-flex-column\"><div class=\"fusion-column-wrapper fusion-flex-justify-content-flex-start fusion-content-layout-column\" style=\"background-position:left top;background-repeat:no-repeat;-webkit-background-size:cover;-moz-background-size:cover;-o-background-size:cover;background-size:cover;padding: 10px 0px 0px 0px;\"><div class=\"fusion-text fusion-text-1\" style=\"line-height:32.0px;font-family:&quot;Cormorant Garamond&quot;;font-weight:700;\"><p class=\"Stil1\" style=\"text-align: center;\"><span style=\"background-color: rgba(255, 255, 255, 0); color: var(--body_typography-color); font-family: 'Cormorant Garamond'; font-size: 22px; font-style: var(--body_typography-font-style,normal); font-weight: bold; letter-spacing: var(--body_typography-letter-spacing);\">Mein Interesse galt fr\u00fch dem Verst\u00e4ndnis dessen, was in uns ist und ich konnte mir kaum etwas Faszinierenderes vorstellen als diese Reise nach Innen, diese Entdeckungsreise in jene Bereiche, in denen unser Verhalten wurzelt, unsere Emotionen, Gedanken und nat\u00fcrlich auch die Art und Weise unserer Beziehungen.<\/span><\/p>\n<p style=\"text-align: center;\"><span style=\"font-family: Cormorant Garamond;\"><span style=\"font-size: 22px;\"><b> <\/b><\/span><\/span><\/p>\n<p style=\"text-align: center;\"><b style=\"font-size: 22px; font-family: 'Cormorant Garamond'; background-color: rgba(255, 255, 255, 0); color: var(--body_typography-color); font-style: var(--body_typography-font-style,normal); letter-spacing: var(--body_typography-letter-spacing);\">Auch heute verstehe ich die therapeutische Arbeit als eine abenteuerliche Reise, als etwas, das neben all den ernsten Momenten auch mit viel Freude, <\/b><b style=\"color: var(--body_typography-color); font-style: var(--body_typography-font-style,normal); letter-spacing: var(--body_typography-letter-spacing); font-size: 22px; background-color: rgba(255, 255, 255, 0);\">Lust und Staunen verbunden ist.<\/b><\/p>\n<p style=\"text-align: center;\"><b style=\"font-size: 22px; font-family: 'Cormorant Garamond'; background-color: rgba(255, 255, 255, 0); color: var(--body_typography-color); font-style: var(--body_typography-font-style,normal); letter-spacing: var(--body_typography-letter-spacing);\">So habe ich mein Psychologiestudium mit der Absicht aufgenommen, sp\u00e4ter als Therapeut arbeiten zu k\u00f6nnen, habe dem Studium dann die gestalttherapeutische Ausbildung, sowie die auf Psychotherapie eingeschr\u00e4nkte Heilpraktikerpr\u00fcfung <\/b><b style=\"color: var(--body_typography-color); font-style: var(--body_typography-font-style,normal); letter-spacing: var(--body_typography-letter-spacing); font-size: 22px; background-color: rgba(255, 255, 255, 0);\">folgen lassen, um dieses Ziel schlie\u00dflich zu verwirklichen.<\/b><\/p>\n<\/p>\n<p style=\"text-align: center;\"><span style=\"background-color: rgba(255, 255, 255, 0); color: var(--body_typography-color); font-style: var(--body_typography-font-style,normal); letter-spacing: var(--body_typography-letter-spacing);\"><span style=\"font-family: Cormorant Garamond;\"><span style=\"font-size: 22px;\"><b>Diese Ausbildungen, in erster Linie die gestalttherapeutische, haben mir jene Kompetenz vermittelt, die es braucht, um andere Menschen begleiten zu k\u00f6nnen, <\/b><\/span><\/span><\/span><b style=\"color: var(--body_typography-color); font-style: var(--body_typography-font-style,normal); letter-spacing: var(--body_typography-letter-spacing); font-size: 22px; background-color: rgba(255, 255, 255, 0);\">im Wissen, dass dies auch die Bereitschaft voraussetzt, <\/b><b style=\"color: var(--body_typography-color); font-style: var(--body_typography-font-style,normal); letter-spacing: var(--body_typography-letter-spacing); font-size: 22px; background-color: rgba(255, 255, 255, 0);\">selbst weiter auf der Reise zu sein und jene Authentizit\u00e4t zu leben, <\/b><b style=\"color: var(--body_typography-color); font-style: var(--body_typography-font-style,normal); letter-spacing: var(--body_typography-letter-spacing); font-size: 22px; background-color: rgba(255, 255, 255, 0);\">bei deren Verwirklichung ich andere Menschen unterst\u00fctzen kann.<\/b><\/p>\n<\/p>\n<p style=\"text-align: center;\"><span class=\"Stil1plus\" style=\"font-family: 'Cormorant Garamond'; font-weight: bold; font-size: 22px;\" data-fusion-font=\"true\" data-fusion-google-font=\"Cormorant Garamond\" data-fusion-google-variant=\"700\">Nachdem ich dann 17 Jahre lang als Psychotherapeut in eigener Praxis gearbeitet habe &#8211; in Einzeltherapien, Paartherapien, Lehrtherapien, Supervisionen, in der fortlaufenden Gestaltgruppe &#8211; <\/span><span style=\"background-color: rgba(255, 255, 255, 0); color: var(--body_typography-color); font-family: 'Cormorant Garamond'; font-size: 22px; font-style: var(--body_typography-font-style,normal); font-weight: bold; letter-spacing: var(--body_typography-letter-spacing);\">und 18 Jahre lang als Dozent im Fachbereich Psychologie <\/span><span style=\"background-color: rgba(255, 255, 255, 0); color: var(--body_typography-color); font-family: 'Cormorant Garamond'; font-size: 22px; font-style: var(--body_typography-font-style,normal); font-weight: bold; letter-spacing: var(--body_typography-letter-spacing);\">an der Paracelsusschule Konstanz, <\/span><span style=\"background-color: rgba(255, 255, 255, 0); color: var(--body_typography-color); font-size: 22px; font-style: var(--body_typography-font-style,normal); letter-spacing: var(--body_typography-letter-spacing);\">habe ich Ende 2018 &#8211; noch vor Corona &#8211; den Entschluss gefasst, <\/span><span style=\"background-color: rgba(255, 255, 255, 0); color: var(--body_typography-color); font-size: 22px; font-style: var(--body_typography-font-style,normal); letter-spacing: var(--body_typography-letter-spacing);\">etwas Neues zu beginnen, <\/span><span style=\"background-color: rgba(255, 255, 255, 0); color: var(--body_typography-color); font-size: 22px; font-style: var(--body_typography-font-style,normal); letter-spacing: var(--body_typography-letter-spacing);\">mein Leben im Wohnmobil auf Reisen durch Europa.<\/span><\/p>\n<\/p>\n<p style=\"text-align: center;\"><b style=\"font-size: 22px; font-family: 'Cormorant Garamond'; background-color: rgba(255, 255, 255, 0); color: var(--body_typography-color); font-style: var(--body_typography-font-style,normal); letter-spacing: var(--body_typography-letter-spacing);\">Wenn es ein Ding gab, das ich im Zusammenhang <\/b><b style=\"color: var(--body_typography-color); font-style: var(--body_typography-font-style,normal); letter-spacing: var(--body_typography-letter-spacing); font-size: 22px; background-color: rgba(255, 255, 255, 0);\">mit meiner Berufst\u00e4tigkeit bedauert habe, war es, <\/b><b style=\"color: var(--body_typography-color); font-style: var(--body_typography-font-style,normal); letter-spacing: var(--body_typography-letter-spacing); font-size: 22px; background-color: rgba(255, 255, 255, 0);\">dass dieses Leben auf Reisen nicht m\u00f6glich war. <\/b><b style=\"color: var(--body_typography-color); font-style: var(--body_typography-font-style,normal); letter-spacing: var(--body_typography-letter-spacing); font-size: 22px; background-color: rgba(255, 255, 255, 0);\">Eine Praxis aufzubauen erfordert, \u00fcber viele Jahre am selben Ort pr\u00e4sent zu sein.<\/b><\/p>\n<p style=\"text-align: center;\"><span class=\"Stil1plus\" data-fusion-font=\"true\" data-fusion-google-font=\"Cormorant Garamond\" data-fusion-google-variant=\"700\"><span style=\"font-family: Cormorant Garamond;\"><span style=\"font-size: 22px;\"><b>Ich hatte meinen &#8222;idealen&#8220; Beruf gefunden, in dem ich nie im Eindruck war, <\/b><\/span><\/span><\/span><b style=\"color: var(--body_typography-color); font-style: var(--body_typography-font-style,normal); letter-spacing: var(--body_typography-letter-spacing); font-size: 22px; background-color: rgba(255, 255, 255, 0);\">arbeiten zu m\u00fcssen, sondern in der wunderbaren Situation war, <\/b><b style=\"color: var(--body_typography-color); font-style: var(--body_typography-font-style,normal); letter-spacing: var(--body_typography-letter-spacing); font-size: 22px; background-color: rgba(255, 255, 255, 0);\">das zu tun, was ich am liebsten tue. Und so war klar, dass ich eben diesen Verzicht leisten m\u00fcsse: den Verzicht auf dieses Leben auf Reisen.<\/b><\/p>\n<\/p>\n<p style=\"text-align: center;\"><span class=\"Stil1plus\" style=\"font-family: 'Cormorant Garamond'; font-weight: bold; font-size: 22px;\" data-fusion-font=\"true\" data-fusion-google-font=\"Cormorant Garamond\" data-fusion-google-variant=\"700\">2018 habe ich mich dann trotzdem dazu entschieden, in der vagen Hoffnung, dass ich an bestimmten Orten meiner Reise Seminare, Workshops w\u00fcrde anbieten k\u00f6nnen.<\/span><\/p>\n<p style=\"text-align: center;\"><span class=\"Stil1plus\" style=\"font-family: 'Cormorant Garamond'; font-weight: bold; font-size: 22px;\" data-fusion-font=\"true\" data-fusion-google-font=\"Cormorant Garamond\" data-fusion-google-variant=\"700\">Und dann kam Corona&#8230;pl\u00f6tzlich war ich in der Situation, <\/span><span style=\"background-color: rgba(255, 255, 255, 0); color: var(--body_typography-color); font-size: 22px; font-style: var(--body_typography-font-style,normal); letter-spacing: var(--body_typography-letter-spacing);\">dass es nur noch die Wahl zwischen dem Onlinearbeiten oder eben einer langen Zwangspause gab, und so habe ich angefangen, <\/span><span style=\"background-color: rgba(255, 255, 255, 0); color: var(--body_typography-color); font-size: 22px; font-style: var(--body_typography-font-style,normal); letter-spacing: var(--body_typography-letter-spacing);\">mich mit dieser Art des Arbeitens vertraut zu machen, <\/span><span style=\"background-color: rgba(255, 255, 255, 0); color: var(--body_typography-color); font-size: 22px; font-style: var(--body_typography-font-style,normal); letter-spacing: var(--body_typography-letter-spacing);\">meine Klienten mit mir, und die meisten meiner Klienten <\/span><span style=\"background-color: rgba(255, 255, 255, 0); color: var(--body_typography-color); font-size: 22px; font-style: var(--body_typography-font-style,normal); letter-spacing: var(--body_typography-letter-spacing);\">waren auch in ihrem eigenen beruflichen Feld mit der Notwendigkeit <\/span><span style=\"background-color: rgba(255, 255, 255, 0); color: var(--body_typography-color); font-size: 22px; font-style: var(--body_typography-font-style,normal); letter-spacing: var(--body_typography-letter-spacing);\">des Arbeitens im Homeoffice konfrontiert.<\/span><\/p>\n<\/p>\n<p style=\"text-align: center;\"><span class=\"Stil1plus\" style=\"font-family: 'Cormorant Garamond'; font-weight: bold; font-size: 22px;\" data-fusion-font=\"true\" data-fusion-google-font=\"Cormorant Garamond\" data-fusion-google-variant=\"700\">Nun war aber auch denkbar, was zuvor unvorstellbar war:<br \/><\/span><\/p>\n<p style=\"text-align: center;\"><span style=\"background-color: rgba(255, 255, 255, 0); color: var(--body_typography-color); font-size: 22px; font-style: var(--body_typography-font-style,normal); letter-spacing: var(--body_typography-letter-spacing);\">das Leben im Wohnmobil auf Reisen in Einklang zu bringen <\/span><span style=\"background-color: rgba(255, 255, 255, 0); color: var(--body_typography-color); font-size: 22px; font-style: var(--body_typography-font-style,normal); letter-spacing: var(--body_typography-letter-spacing);\">mit meiner weiteren Berufst\u00e4tigkeit. <\/span><span style=\"font-size: 22px; background-color: rgba(255, 255, 255, 0); color: var(--body_typography-color); font-style: var(--body_typography-font-style,normal); letter-spacing: var(--body_typography-letter-spacing);\">So hat Corona auch f\u00fcr mich einige T\u00fcren verschlossen, diese eine aber ge\u00f6ffnet.<\/span><\/p>\n<p style=\"text-align: center;\"><span class=\"Stil1plus\" style=\"font-family: 'Cormorant Garamond'; font-weight: bold; font-size: 22px;\" data-fusion-font=\"true\" data-fusion-google-font=\"Cormorant Garamond\" data-fusion-google-variant=\"700\">Ich bin nun seit neun Monaten unterwegs und es f\u00fchlt sich sehr, sehr stimmig an, auf eine ganz bodenst\u00e4ndige Weise, ohne dass Engelsch\u00f6re dazu s\u00e4ngen und die himmlischen Posaunen und Trompeten erkl\u00e4ngen.<\/span><\/p>\n<p style=\"text-align: center;\"><span class=\"Stil1plus\" style=\"font-family: 'Cormorant Garamond'; font-weight: bold; font-size: 22px;\" data-fusion-font=\"true\" data-fusion-google-font=\"Cormorant Garamond\" data-fusion-google-variant=\"700\">Es f\u00fchlt sich noch wie der Anfang einer gro\u00dfen Reise an, <\/span><span style=\"background-color: rgba(255, 255, 255, 0); color: var(--body_typography-color); font-size: 22px; font-style: var(--body_typography-font-style,normal); letter-spacing: var(--body_typography-letter-spacing);\">und ich gehe davon aus, dass sie noch viele Jahre dauern wird, <\/span><span style=\"background-color: rgba(255, 255, 255, 0); color: var(--body_typography-color); font-size: 22px; font-style: var(--body_typography-font-style,normal); letter-spacing: var(--body_typography-letter-spacing);\">solange das Unvorhersehbare nicht geschieht&#8230;<\/span><\/p><\/p>\n<\/div><\/div><style type=\"text\/css\">.fusion-body .fusion-builder-column-2{width:66.666666666667% !important;margin-top : 0px;margin-bottom : 0px;}.fusion-builder-column-2 > .fusion-column-wrapper {padding-top : 10px !important;padding-right : 0px !important;margin-right : 2.88%;padding-bottom : 0px !important;padding-left : 0px !important;margin-left : 7.2%;}@media only screen and (max-width:1024px) {.fusion-body .fusion-builder-column-2{width:66.666666666667% !important;}.fusion-builder-column-2 > .fusion-column-wrapper {margin-right : 2.88%;margin-left : 7.2%;}}@media only screen and (max-width:641px) {.fusion-body .fusion-builder-column-2{width:100% !important;}.fusion-builder-column-2 > .fusion-column-wrapper {margin-right : 1.92%;margin-left : 1.92%;}}<\/style><\/div><div class=\"fusion-layout-column fusion_builder_column fusion-builder-column-3 fusion_builder_column_1_1 1_1 fusion-flex-column\"><div class=\"fusion-column-wrapper fusion-flex-justify-content-flex-start fusion-content-layout-column\" style=\"background-position:left top;background-repeat:no-repeat;-webkit-background-size:cover;-moz-background-size:cover;-o-background-size:cover;background-size:cover;padding: 10px 0px 0px 0px;\"><div class=\"fusion-text fusion-text-2\" style=\"line-height:32.0px;font-family:&quot;Cormorant Garamond&quot;;font-weight:700;\"><h2 style=\"text-align: center;\"><span style=\"font-size: 41px; line-height: 50px; color: rgb(140, 90, 85);\" data-fusion-font=\"true\"><b>Reiseblog\/Leben im Wohnmobil<\/b><\/span><\/h2><\/p>\n<\/div><\/div><style type=\"text\/css\">.fusion-body .fusion-builder-column-3{width:100% !important;margin-top : 100px;margin-bottom : 0px;}.fusion-builder-column-3 > .fusion-column-wrapper {padding-top : 10px !important;padding-right : 0px !important;margin-right : 1.92%;padding-bottom : 0px !important;padding-left : 0px !important;margin-left : 4.8%;}@media only screen and (max-width:1024px) {.fusion-body .fusion-builder-column-3{width:100% !important;}.fusion-builder-column-3 > .fusion-column-wrapper {margin-right : 1.92%;margin-left : 4.8%;}}@media only screen and (max-width:641px) {.fusion-body .fusion-builder-column-3{width:100% !important;}.fusion-builder-column-3 > .fusion-column-wrapper {margin-right : 1.92%;margin-left : 1.92%;}}<\/style><\/div><div class=\"fusion-layout-column fusion_builder_column fusion-builder-column-4 fusion_builder_column_1_1 1_1 fusion-flex-column\"><div class=\"fusion-column-wrapper fusion-flex-justify-content-flex-start fusion-content-layout-column\" style=\"background-position:left top;background-repeat:no-repeat;-webkit-background-size:cover;-moz-background-size:cover;-o-background-size:cover;background-size:cover;padding: 10px 0px 0px 0px;\"><div class=\"fusion-text fusion-text-3\" style=\"line-height:32.0px;font-family:&quot;Cormorant Garamond&quot;;font-weight:700;\"><p class=\"Stil1\" style=\"text-align: center;\"><span style=\"font-size: 22px;\"><br \/><\/span><\/p>\n<p class=\"Stil1\" style=\"text-align: center;\"><span style=\"font-size: 22px;\"><i><span data-fusion-font=\"true\" style=\"font-size: 23px;\">29. August 2023<\/span><\/i><\/span><\/p>\n<p class=\"Stil1\" style=\"text-align: center;\"><span style=\"font-size: 22px;\">Ich hatte schon vor Beginn der Reise vorgehabt, in einem Blog meine Eindr\u00fccke wiederzugeben, meine Erfahrungen, den einen oder anderen Tipp zu geben, wenn es um die ganz konkreten Aspekte geht &#8211; ben\u00f6tigte Ausstattung, Aufrechterhaltung der Infrastruktur, Berichte \u00fcber besondere Strecken, sch\u00f6ne Orte, landestypische Besonderheiten, etc., aber auch davon zu erz\u00e4hlen, was solch ein Leben an mentalen Herausforderungen bereith\u00e4lt und schlie\u00dflich auch immer wieder mal von meinen Stimmungen zu berichten.<\/span><\/p>\n<p class=\"Stil1\" style=\"text-align: center;\"><span style=\"font-size: 22px;\">Nun hat es mehr als zwei Jahre gebraucht, um endlich damit anzufangen. <\/span><\/p>\n<p class=\"Stil1\" style=\"text-align: center;\"><span style=\"font-size: 22px;\">In den kommenden Wochen werde ich dann wohl erste Beitr\u00e4ge einstellen.<\/span><\/p>\n<p class=\"Stil1\" style=\"text-align: center;\"><span style=\"font-size: 22px;\"><br \/><\/span><\/p>\n<p class=\"Stil1\" style=\"text-align: center;\"><span style=\"font-size: 22px;\"><i><span data-fusion-font=\"true\" style=\"font-size: 23px;\">11. Oktober 2023<\/span><\/i><\/span><\/p>\n<p class=\"Stil1\" style=\"text-align: center;\"><span style=\"font-size: 22px; font-weight: normal;\">Le Vieux Boucau<\/span><\/p>\n<p class=\"Stil1\" style=\"text-align: center; font-size: 21px; color: rgb(209, 90, 0);\" data-fusion-font=\"true\">Bd du Marensin, 40480 Vieux-Boucau-les-Bains<\/p>\n<p class=\"Stil1\" style=\"text-align: center;\"><span style=\"font-size: 22px;\">Also anfangen mit meinem Blog. Und dieser Ort ist wirklich ein guter daf\u00fcr. Ist wirklich gut. obwohl ich mich auch hier in meinem inneren Dialog herauszureden versucht habe: &#8222;Ich habe doch die Photos noch gar nicht zur Verf\u00fcgung, die ich hier gemacht habe (noch nicht bearbeitet), und ich wollte doch auf jeden Fall Photos an den Anfang des jeweiligen Beitrages stellen&#8230;&#8220;.<\/span><\/p>\n<p class=\"Stil1\" style=\"text-align: center;\"><span style=\"font-size: 22px;\">Scheiss drauf, die Photos liefere ich nach.<\/span><\/p>\n<p class=\"Stil1\" style=\"text-align: center;\"><span style=\"font-size: 22px;\">Ich bin nun schon seit \u00fcber vier Wochen in Le Vieux Boucou, ca. vierzig Kilometer n\u00f6rdlich von Bayonne, ganz unweit der spanischen Grenze, auf dem hiesigen Camping Municipal.. Und ich mag es, obwohl ich die letzten f\u00fcnfunddrei\u00dfig Jahre wirklich kein Fan des franz\u00f6sischen Atlantiks war. Die Aufenthalte an dieser K\u00fcste, die ich in meiner Jugend hatte, sind mir nicht in so guter Erinnerung geblieben. Und das hatte dann mit Folgendem zu tun:<\/span><\/p>\n<p class=\"Stil1\" style=\"text-align: center;\"><span style=\"font-size: 22px;\">&#8211; die Str\u00e4nde sind breit und gerade, so gar nicht meiner romantischen Mittelmeervorstellung entsprechend, in der die K\u00fcste aus lauter kleinen Buchten besteht, die ich dann erkunden kann. Hier geht der Strand \u00fcber zehn Kilometer schnurgerade weiter und du siehst sehr genau, was dich da erwartet, wenn du dich auf den Weg machst.<\/span><\/p>\n<p class=\"Stil1\" style=\"text-align: center;\"><span style=\"font-size: 22px;\">&#8211; es zieht hier wie Hechtsuppe, st\u00e4ndig windet es. Wenn du dich am Strand eingecremt hast, siehst du nach zwei Minuten wie ein paniertes Schnitzel aus.<\/span><\/p>\n<p class=\"Stil1\" style=\"text-align: center;\"><span style=\"font-size: 22px;\">&#8211; die Wellen sind meist zu hoch, um schwimmen zu k\u00f6nnen. Standuppaddling kannst du vergessen.<\/span><\/p>\n<p class=\"Stil1\" style=\"text-align: center;\"><span style=\"font-size: 22px;\">&#8211; so hat mich diese K\u00fcste insgesamt im Emotionalem wenig ber\u00fchrt. Ich fand sie rau und k\u00fchl.<\/span><\/p>\n<p class=\"Stil1\" style=\"text-align: center;\"><span style=\"font-size: 22px;\">Und jetzt kann ich ein kleines Liebeslied singen auf diese Gegend hier, auf dieses nette kleine St\u00e4dtchen, mit den h\u00fcbschen Wohngegenden, den H\u00e4usern, die schon etwas in bretonischem Stil sind, auf das wilde Meer und die spektakul\u00e4ren Wellen, auf die gute Seeluft, die mir guttut, den ganz beil\u00e4ufig freundlichen Menschen.<\/span><\/p>\n<p class=\"Stil1\" style=\"text-align: center;\"><span style=\"font-size: 22px;\">Und dann habe ich hier die Infrastruktur, die ich brauche: drei Superm\u00e4rkte, Restaurants, die immer noch ge\u00f6ffnet haben und einen Camping Municipal, der direkt hinter den D\u00fcnen liegt und meine Sympathie f\u00fcr diese Art von Campingplatz in Frankreich noch einmal st\u00e4rkt. Camping Municipal, der ohne Schnickschnack ist, ohne Animation, ohne Lautsprecherdurchsagen, ohne br\u00fcllendes Nachtleben&#8230;und du hast hier alles, was du brauchst&#8230;und meist sind diese Pl\u00e4tze sehr sch\u00f6n gelegen, dann auch noch sehr preiswert&#8230;du bezahlst zwischen 11 und 17 Euro die Nacht.<\/span><\/p>\n<p class=\"Stil1\" style=\"text-align: center;\"><span style=\"font-size: 22px;\">Und es ist tats\u00e4chlich erw\u00e4hnenswert, dass ich mich hier so wohlf\u00fchle, weil ich eigentlich Grund h\u00e4tte, mit dem Ort Unangenehmes zu assoziieren:<\/span><\/p>\n<p class=\"Stil1\" style=\"text-align: center;\"><span style=\"font-size: 22px;\">&#8211; vor zwei Wochen habe ich mir in einer dieser bewundernswert m\u00e4chtigen Wellen das Knie verdreht, was dazu gef\u00fchrt hat, dass ich in den n\u00e4chsten f\u00fcnf Tagen f\u00fcr die Strecke bis zum Sanit\u00e4rgeb\u00e4ude, das etwa 50 Meter entfernt liegt, so etwa acht Minuten gebraucht habe. Und auch jetzt &#8211; nach zwei Wochen &#8211; bin ich in meiner Bewegungsf\u00e4higkeit noch ziemlich eingeschr\u00e4nkt&#8230;obwohl es sich doch schon merklich gebessert hat. Das hat dann dazu gef\u00fchrt, dass ich all die Radtouren und Wandertouren, die ich eigentlich machen wollte, nicht machen konnte. Wie gesagt: ich war froh, dass ich bis zur Toilette kam.<\/span><\/p>\n<p class=\"Stil1\" style=\"text-align: center;\"><span style=\"font-size: 22px;\">&#8211; dann ist zwei Tage vor meiner Ankunft der K\u00fchlschrank ausgefallen, w\u00e4hrend ich freistehend war&#8230;lief nicht mehr auf Gas. Gl\u00fccklicherweise habe ich hier dann festgestellt, dass er auf Landstrom noch l\u00e4uft. Ich habe versucht, das Ding selbst zu reparieren, all die Vorschl\u00e4ge umsetzend, die in den einschl\u00e4gigen Wohnmobilforen so unterbreitet werden&#8230;ohne Erfolg. Und dann ging es \u00fcber etwa zehn Tage darum, einen Thetford-Servicebetrieb aufzutun (So hei\u00dft mein K\u00fchlschrank &#8211; Thetford), der mir in den n\u00e4chsten Tagen, den n\u00e4chsten Wochen einen Termin gibt, ein Betrieb, der noch so halbwegs auf meiner Strecke nach Portugal liegt.<\/span><\/p>\n<p class=\"Stil1\" style=\"text-align: center;\"><span style=\"font-size: 22px;\">Von den zehn Betrieben, die ich in Frankreich und Nordspanien angeschrieben habe, haben zwei geantwortet &#8211; ein franz\u00f6sischer, der abgesagt hat, ein spanischer in Bilbao, der mir dann tats\u00e4chlich einen Termin gegeben hat&#8230;n\u00e4chsten Montag. El viva Espania! <\/span><\/p>\n<p class=\"Stil1\" style=\"text-align: center;\"><span style=\"color: var(--body_typography-color); font-style: var(--body_typography-font-style,normal); letter-spacing: var(--body_typography-letter-spacing); font-size: 22px; background-color: rgba(255, 255, 255, 0);\">Und der K\u00fchlschrank ist enorm wichtig f\u00fcr mich, ist enorm wichtig, dass er auf Gas funktioniert, da ich ihn im Freistehen ausschlie\u00dflich so nutzen kann. Und ohne K\u00fchlschrank ist mir das Freistehen zu anstrengend, <\/span><span style=\"color: var(--body_typography-color); font-style: var(--body_typography-font-style,normal); letter-spacing: var(--body_typography-letter-spacing); font-size: 22px; background-color: rgba(255, 255, 255, 0);\">vor allem<\/span><span style=\"color: var(--body_typography-color); font-style: var(--body_typography-font-style,normal); letter-spacing: var(--body_typography-letter-spacing); font-size: 22px; background-color: rgba(255, 255, 255, 0);\"> auch deshalb, weil ich da oft weit entfernt vom n\u00e4chsten <\/span><span style=\"color: var(--body_typography-color); font-style: var(--body_typography-font-style,normal); letter-spacing: var(--body_typography-letter-spacing); font-size: 22px; background-color: rgba(255, 255, 255, 0);\">Supermarkt<\/span><span style=\"color: var(--body_typography-color); font-style: var(--body_typography-font-style,normal); letter-spacing: var(--body_typography-letter-spacing); font-size: 22px; background-color: rgba(255, 255, 255, 0);\"> bin.<\/span><\/p>\n<p class=\"Stil1\" style=\"text-align: center;\"><span style=\"font-size: 22px; background-color: rgba(255, 255, 255, 0); color: var(--body_typography-color); font-style: var(--body_typography-font-style,normal); letter-spacing: var(--body_typography-letter-spacing);\">Ich mag&#8217;s trotzdem sehr hier, bedauere jetzt schon ein wenig, dass ich nur noch drei Tage hier bin.<\/span><\/p>\n<p class=\"Stil1\" style=\"text-align: center;\"><span style=\"font-size: 22px; background-color: rgba(255, 255, 255, 0); color: var(--body_typography-color); font-style: var(--body_typography-font-style,normal); letter-spacing: var(--body_typography-letter-spacing);\">Ich wollte so viel mehr noch schreiben. F\u00fcr heute ist&#8217;s genug. <\/span><\/p>\n<p class=\"Stil1\" style=\"text-align: center;\"><span style=\"font-size: 22px; background-color: rgba(255, 255, 255, 0); color: var(--body_typography-color); font-style: var(--body_typography-font-style,normal); letter-spacing: var(--body_typography-letter-spacing);\"><br \/><\/span><\/p>\n<p class=\"Stil1\" style=\"text-align: center;\"><span style=\"font-size: 23px; background-color: rgba(255, 255, 255, 0); color: var(--body_typography-color); font-style: var(--body_typography-font-style,normal); letter-spacing: var(--body_typography-letter-spacing);\" data-fusion-font=\"true\">14. Oktober<\/span><\/p>\n<p class=\"Stil1\" style=\"text-align: center;\"><span style=\"font-size: 22px; background-color: rgba(255, 255, 255, 0); color: var(--body_typography-color); letter-spacing: var(--body_typography-letter-spacing);\"><i>Le Vieux Boucau<\/i><\/span><\/p>\n<p class=\"Stil1\" style=\"text-align: center;\"><span style=\"font-size: 22px; background-color: rgba(255, 255, 255, 0); color: var(--body_typography-color); font-style: var(--body_typography-font-style,normal); letter-spacing: var(--body_typography-letter-spacing);\">Morgen geht es weiter, nach Bilbao, K\u00fchlschrank reparieren lassen. Dann, wenn das geklappt hat, Bilbao kennenlernen.<\/span><\/p>\n<p class=\"Stil1\" style=\"text-align: center;\"><span style=\"font-size: 22px; background-color: rgba(255, 255, 255, 0); color: var(--body_typography-color); font-style: var(--body_typography-font-style,normal); letter-spacing: var(--body_typography-letter-spacing);\"><br \/><\/span><\/p>\n<p class=\"Stil1\" style=\"text-align: center;\">\n<p><i><span style=\"font-size: 22px; background-color: rgba(255, 255, 255, 0); color: var(--body_typography-color); letter-spacing: var(--body_typography-letter-spacing);\">Noch ein kurzer <\/span><span style=\"background-color: rgba(255, 255, 255, 0); color: var(--body_typography-color); font-size: 22px; letter-spacing: var(--body_typography-letter-spacing);\">Nachtrag <\/span><span style=\"background-color: rgba(255, 255, 255, 0); color: var(--body_typography-color); font-size: 22px; letter-spacing: var(--body_typography-letter-spacing);\">zu Le vieux boucau<\/span><\/i><\/p>\n<\/p>\n<p class=\"Stil1\" style=\"text-align: center; \"><span data-fusion-font=\"true\" style=\"font-size: 22px;\">Eigentlich schade, dass ich weiter gehe. Habe das gern gehabt hier. Doch mein K\u00fchlschrank jammert, ich muss weiter. <\/span><\/p>\n<p class=\"Stil1\" style=\"text-align: center; \"><span data-fusion-font=\"true\" style=\"font-size: 22px;\">Le vieux boucau ist \u00fcbrigens ein Surferhotspot. Zwei Drittel der Leute, die hier auf dem Camping sind, sind daf\u00fcr da&#8230;surfen in diesen grandiosen Wellen, die mir das Knie verdreht haben. Und dann bin ich in der Assoziation des Bob Dylan Songs, Highlands:<\/span><\/p>\n<p class=\"Stil1\" style=\"text-align: center; \"><span data-fusion-font=\"true\" style=\"font-size: 22px;\"><br \/><\/span><\/p>\n<p class=\"Stil1\" style=\"text-align: center;\"><span style=\"background-color: rgba(255, 255, 255, 0); color: var(--body_typography-color); font-size: 22px; letter-spacing: var(--body_typography-letter-spacing);\"><i>I see people in the park, forgetin their troubles and woes.<br \/><\/i><\/span><\/p>\n<p style=\"text-align: center; \"><span style=\"background-color: rgba(255, 255, 255, 0); color: var(--body_typography-color); font-size: 22px; letter-spacing: var(--body_typography-letter-spacing);\"><i>They&#8217;re drinking an dancin&#8216;, wearing bright colored clothes.<br \/><\/i><\/span><\/p>\n<p style=\"text-align: center; \"><span style=\"background-color: rgba(255, 255, 255, 0); color: var(--body_typography-color); font-size: 22px; letter-spacing: var(--body_typography-letter-spacing);\"><i>All the young men with the young women lookin so good.<br \/><\/i><\/span><\/p>\n<p style=\"text-align: center; \"><span style=\"background-color: rgba(255, 255, 255, 0); color: var(--body_typography-color); font-size: 22px; letter-spacing: var(--body_typography-letter-spacing);\"><i>Well, I&#8217;d trade places with any of&#8216; em, in a minute, if I could.<\/i><\/span><\/p>\n<p style=\"text-align: center; \"><span style=\"background-color: rgba(255, 255, 255, 0); color: var(--body_typography-color); font-size: 22px; letter-spacing: var(--body_typography-letter-spacing);\"><i><br \/><\/i><\/span><\/p>\n<p style=\"text-align: center; \"><span style=\"background-color: rgba(255, 255, 255, 0); color: var(--body_typography-color); font-size: 22px; font-style: var(--body_typography-font-style,normal); letter-spacing: var(--body_typography-letter-spacing);\"> <span data-fusion-font=\"true\" style=\"font-size: 23px;\">Und eine Minute sp\u00e4ter wei\u00df ich, dass das nicht funktioniert h\u00e4tte, so wie ich damals war, in meinem Misstrauen allen Gruppen gegen\u00fcber, und ich h\u00e4tte versucht, mich abzugrenzen. Ich w\u00fcnschte mir, ich w\u00e4re in einem anderen Geist gewesen. <\/span><\/span><\/p>\n<p style=\"text-align: center; \"><span style=\"background-color: rgba(255, 255, 255, 0); color: var(--body_typography-color); font-size: 22px; font-style: var(--body_typography-font-style,normal); letter-spacing: var(--body_typography-letter-spacing);\"><span data-fusion-font=\"true\" style=\"font-size: 23px;\">In dem Geist, in dem ich jetzt bin.<\/span><\/span><\/p>\n<\/p>\n<p class=\"Stil1\" style=\"text-align: center;\">\n<p class=\"Stil1\" style=\"text-align: center;\">\n<p class=\"Stil1\" style=\"text-align: center;\">\n<\/div><\/div><style type=\"text\/css\">.fusion-body .fusion-builder-column-4{width:100% !important;margin-top : 50px;margin-bottom : 0px;}.fusion-builder-column-4 > .fusion-column-wrapper {padding-top : 10px !important;padding-right : 0px !important;margin-right : 1.92%;padding-bottom : 0px !important;padding-left : 0px !important;margin-left : 4.8%;}@media only screen and (max-width:1024px) {.fusion-body .fusion-builder-column-4{width:100% !important;}.fusion-builder-column-4 > .fusion-column-wrapper {margin-right : 1.92%;margin-left : 4.8%;}}@media only screen and (max-width:641px) {.fusion-body .fusion-builder-column-4{width:100% !important;}.fusion-builder-column-4 > .fusion-column-wrapper {margin-right : 1.92%;margin-left : 1.92%;}}<\/style><\/div><\/div><style type=\"text\/css\">.fusion-body .fusion-flex-container.fusion-builder-row-2{ padding-top : 2vw;margin-top : 0px;padding-right : 0px;padding-bottom : 7vw;margin-bottom : 0px;padding-left : 0px;}@media only screen and (max-width:641px) {.fusion-body .fusion-flex-container.fusion-builder-row-2{ padding-top : 0px;padding-right : 12vw;padding-bottom : 12vw;padding-left : 12vw;}}<\/style><\/div><\/p>","protected":false},"excerpt":{"rendered":"","protected":false},"author":2,"featured_media":0,"parent":0,"menu_order":0,"comment_status":"closed","ping_status":"closed","template":"100-width.php","meta":{"footnotes":""},"class_list":["post-231","page","type-page","status-publish","hentry"],"_links":{"self":[{"href":"https:\/\/psychologischepraxis-andreasbueche.de\/en\/wp-json\/wp\/v2\/pages\/231","targetHints":{"allow":["GET"]}}],"collection":[{"href":"https:\/\/psychologischepraxis-andreasbueche.de\/en\/wp-json\/wp\/v2\/pages"}],"about":[{"href":"https:\/\/psychologischepraxis-andreasbueche.de\/en\/wp-json\/wp\/v2\/types\/page"}],"author":[{"embeddable":true,"href":"https:\/\/psychologischepraxis-andreasbueche.de\/en\/wp-json\/wp\/v2\/users\/2"}],"replies":[{"embeddable":true,"href":"https:\/\/psychologischepraxis-andreasbueche.de\/en\/wp-json\/wp\/v2\/comments?post=231"}],"version-history":[{"count":77,"href":"https:\/\/psychologischepraxis-andreasbueche.de\/en\/wp-json\/wp\/v2\/pages\/231\/revisions"}],"predecessor-version":[{"id":5720,"href":"https:\/\/psychologischepraxis-andreasbueche.de\/en\/wp-json\/wp\/v2\/pages\/231\/revisions\/5720"}],"wp:attachment":[{"href":"https:\/\/psychologischepraxis-andreasbueche.de\/en\/wp-json\/wp\/v2\/media?parent=231"}],"curies":[{"name":"wp","href":"https:\/\/api.w.org\/{rel}","templated":true}]}}